{"id":202844,"date":"2026-09-03T15:16:00","date_gmt":"2026-09-03T15:16:00","guid":{"rendered":"https:\/\/twoexpertsrealties.com\/properties\/1008-fr\/"},"modified":"2026-09-03T16:34:31","modified_gmt":"2026-09-03T16:34:31","slug":"1008-fr","status":"publish","type":"estate_property","link":"https:\/\/twoexpertsrealties.com\/fr\/properties\/1008-fr\/","title":{"rendered":"Chalet individuel spectaculaire"},"content":{"rendered":"<p>Magnifique villa individuelle \u00e0 Sant Juli\u00e0 de L\u00f2ria<\/p>\n<p>D\u00e9couvrez cette somptueuse villa de luxe situ\u00e9e \u00e0 Sant Juli\u00e0 de L\u00f2ria, en Andorre. Cette villa individuelle offre 333 m\u00b2 de surface habitable sur un terrain de 358 m\u00b2, r\u00e9partis sur quatre niveaux et proposant tout le confort souhait\u00e9. \u00c0 seulement 5 minutes \u00e0 pied du centre-ville, vous profiterez du calme d&rsquo;un quartier r\u00e9sidentiel privil\u00e9gi\u00e9 sans renoncer aux commodit\u00e9s et aux commerces.<\/p>\n<p>Agencement et espaces<\/p>\n<p>Le rez-de-chauss\u00e9e vous accueille avec une cuisine ind\u00e9pendante enti\u00e8rement \u00e9quip\u00e9e, des toilettes invit\u00e9s et un salon-salle \u00e0 manger chaleureux avec chemin\u00e9e, donnant sur une terrasse et un jardin privatif. Le premier \u00e9tage comprend un espace nuit avec deux chambres doubles spacieuses, une salle de bains s\u00e9par\u00e9e et une suite exclusive avec salle de bains compl\u00e8te (douche et baignoire) et balcon offrant une vue imprenable.<\/p>\n<p>Au dernier \u00e9tage, vous trouverez une grande pi\u00e8ce \u00e0 vivre ouverte aux multiples possibilit\u00e9s d&rsquo;am\u00e9nagement et un bureau, id\u00e9al pour le t\u00e9l\u00e9travail. Le sous-sol comprend un garage double, une cave \u00e0 vin, une buanderie et un local technique, alliant fonctionnalit\u00e9 et espace de rangement.<\/p>\n<p>Caract\u00e9ristiques principales<\/p>\n<p>Cette villa offre quatre chambres et trois salles de bains compl\u00e8tes, des placards int\u00e9gr\u00e9s dans chaque chambre et un cellier. Son orientation plein sud garantit un ensoleillement optimal tout au long de la journ\u00e9e, illuminant chaque recoin de la maison. Les vues spectaculaires sur les vall\u00e9es du sud des Asturies transforment chaque pi\u00e8ce en un v\u00e9ritable havre de paix.<\/p>\n<p>Infrastructures et commodit\u00e9s<\/p>\n<p>Elle dispose d&rsquo;un garage double, d&rsquo;une cave \u00e0 vin, d&rsquo;une buanderie s\u00e9par\u00e9e, d&rsquo;une terrasse, d&rsquo;un balcon et d&rsquo;un jardin privatif. Construite en 1978 et en bon \u00e9tat, la propri\u00e9t\u00e9 est \u00e9quip\u00e9e d&rsquo;un syst\u00e8me de chauffage et de climatisation par pompe \u00e0 chaleur. Bien que son classement \u00e9nerg\u00e9tique soit F, elle repr\u00e9sente un excellent investissement dans un emplacement privil\u00e9gi\u00e9 des Asturies.<\/p>\n<p>Une opportunit\u00e9 unique de vivre dans un quartier r\u00e9sidentiel calme, \u00e0 proximit\u00e9 imm\u00e9diate de toutes les commodit\u00e9s.<\/p>\n","protected":false},"excerpt":{"rendered":"<p>Magnifique villa individuelle \u00e0 Sant Juli\u00e0 de L\u00f2ria D\u00e9couvrez cette somptueuse villa de luxe situ\u00e9e \u00e0 Sant Juli\u00e0 de L\u00f2ria, en Andorre. Cette villa individuelle offre 333 m\u00b2 de surface habitable sur un terrain de 358 m\u00b2, r\u00e9partis sur quatre niveaux et proposant tout le confort souhait\u00e9. \u00c0 seulement 5 minutes \u00e0 pied du centre-ville, vous profiterez du calme d&rsquo;un quartier r\u00e9sidentiel privil\u00e9gi\u00e9 sans &#8230;<\/p>\n","protected":false},"featured_media":202846,"comment_status":"closed","ping_status":"closed","template":"","property_category":[97],"property_action_category":[752],"property_city":[1597],"property_area":[1577],"property_county_state":[58],"property_features":[1337,1340,1569,1332,1343,1381],"property_status":[],"class_list":["post-202844","estate_property","type-estate_property","status-publish","has-post-thumbnail","hentry","property_category-chalet","property_action_category-venta","property_city-sant-julia-de-loria","property_area-sant-julia-de-loria","property_county_state-andorra","property_features-cuisine-equipee","property_features-exterieur-fr","property_features-jardin-fr","property_features-lumineux-fr","property_features-maison-de-ville","property_features-terrasse"],"_links":{"self":[{"href":"https:\/\/twoexpertsrealties.com\/fr\/wp-json\/wp\/v2\/estate_property\/202844","targetHints":{"allow":["GET"]}}],"collection":[{"href":"https:\/\/twoexpertsrealties.com\/fr\/wp-json\/wp\/v2\/estate_property"}],"about":[{"href":"https:\/\/twoexpertsrealties.com\/fr\/wp-json\/wp\/v2\/types\/estate_property"}],"replies":[{"embeddable":true,"href":"https:\/\/twoexpertsrealties.com\/fr\/wp-json\/wp\/v2\/comments?post=202844"}],"wp:featuredmedia":[{"embeddable":true,"href":"https:\/\/twoexpertsrealties.com\/fr\/wp-json\/wp\/v2\/media\/202846"}],"wp:attachment":[{"href":"https:\/\/twoexpertsrealties.com\/fr\/wp-json\/wp\/v2\/media?parent=202844"}],"wp:term":[{"taxonomy":"property_category","embeddable":true,"href":"https:\/\/twoexpertsrealties.com\/fr\/wp-json\/wp\/v2\/property_category?post=202844"},{"taxonomy":"property_action_category","embeddable":true,"href":"https:\/\/twoexpertsrealties.com\/fr\/wp-json\/wp\/v2\/property_action_category?post=202844"},{"taxonomy":"property_city","embeddable":true,"href":"https:\/\/twoexpertsrealties.com\/fr\/wp-json\/wp\/v2\/property_city?post=202844"},{"taxonomy":"property_area","embeddable":true,"href":"https:\/\/twoexpertsrealties.com\/fr\/wp-json\/wp\/v2\/property_area?post=202844"},{"taxonomy":"property_county_state","embeddable":true,"href":"https:\/\/twoexpertsrealties.com\/fr\/wp-json\/wp\/v2\/property_county_state?post=202844"},{"taxonomy":"property_features","embeddable":true,"href":"https:\/\/twoexpertsrealties.com\/fr\/wp-json\/wp\/v2\/property_features?post=202844"},{"taxonomy":"property_status","embeddable":true,"href":"https:\/\/twoexpertsrealties.com\/fr\/wp-json\/wp\/v2\/property_status?post=202844"}],"curies":[{"name":"wp","href":"https:\/\/api.w.org\/{rel}","templated":true}]}}