{"id":202243,"date":"2026-09-02T23:51:43","date_gmt":"2026-09-02T23:51:43","guid":{"rendered":"https:\/\/twoexpertsrealties.com\/properties\/1007-fr\/"},"modified":"2026-09-03T00:02:18","modified_gmt":"2026-09-03T00:02:18","slug":"1007-fr","status":"publish","type":"estate_property","link":"https:\/\/twoexpertsrealties.com\/fr\/properties\/1007-fr\/","title":{"rendered":"Chalet individuel spectaculaire"},"content":{"rendered":"<p>Magnifique villa individuelle \u00e0 L&rsquo;Aldosa, La Massana<\/p>\n<p>D\u00e9couvrez cette somptueuse villa individuelle neuve (2025) situ\u00e9e dans le quartier r\u00e9sidentiel exclusif de L&rsquo;Aldosa, \u00e0 La Massana. Avec 530 m\u00b2 habitables r\u00e9partis sur quatre niveaux reli\u00e9s par ascenseur et escalier, cette villa incarne le summum du luxe et du confort en Andorre.<\/p>\n<p>Espaces de vie spacieux et lumineux<\/p>\n<p>Le rez-de-chauss\u00e9e offre un espace de vie ouvert, lumineux et a\u00e9r\u00e9, comprenant une cuisine am\u00e9ricaine moderne avec \u00eelot central, s&rsquo;int\u00e9grant harmonieusement \u00e0 l&rsquo;\u00e9l\u00e9gant s\u00e9jour-salle \u00e0 manger. Ce dernier b\u00e9n\u00e9ficie d&rsquo;un acc\u00e8s direct au jardin de 200 m\u00b2 et d&rsquo;une vue panoramique spectaculaire sur la vall\u00e9e de La Massana. Un WC invit\u00e9s et l&rsquo;entr\u00e9e principale au niveau de la rue compl\u00e8tent cet espace.<\/p>\n<p>Espace nuit haut de gamme<\/p>\n<p>L&rsquo;espace nuit comprend trois chambres avec salle de bains privative, dont deux avec terrasse, garantissant intimit\u00e9 et vues exceptionnelles. La suite parentale, situ\u00e9e sous les combles, se distingue par son espace g\u00e9n\u00e9reux, son dressing et sa salle de bains privative. Au total, la propri\u00e9t\u00e9 comprend 5 salles de bains enti\u00e8rement \u00e9quip\u00e9es.<\/p>\n<p>Terrasses et espaces ext\u00e9rieurs<\/p>\n<p>Profitez de 170 m\u00b2 de terrasses vous permettant de savourer pleinement le climat exceptionnel d&rsquo;Andorre. Le jardin de 200 m\u00b2 et les balcons compl\u00e8tent ces espaces ext\u00e9rieurs idylliques, expos\u00e9s plein sud et b\u00e9n\u00e9ficiant d&rsquo;un ensoleillement optimal.<\/p>\n<p>Prestations et services exclusifs<\/p>\n<p>La villa comprend un garage pouvant accueillir 6 v\u00e9hicules, une buanderie, une salle de sport priv\u00e9e et un cellier. Des placards int\u00e9gr\u00e9s dans toute la propri\u00e9t\u00e9 optimisent le rangement.<\/p>\n<p>Technologie et efficacit\u00e9 \u00e9nerg\u00e9tique<\/p>\n<p>Un syst\u00e8me a\u00e9rothermique avec pompe \u00e0 chaleur et chauffage au sol garantit un confort maximal. Les fen\u00eatres \u00e0 triple vitrage offrent une excellente isolation thermique et acoustique.<\/p>\n<p>Une opportunit\u00e9 unique de vivre dans une propri\u00e9t\u00e9 de luxe en parfait \u00e9tat, alliant design contemporain et performance \u00e9nerg\u00e9tique durable.<\/p>\n","protected":false},"excerpt":{"rendered":"<p>Magnifique villa individuelle \u00e0 L&rsquo;Aldosa, La Massana D\u00e9couvrez cette somptueuse villa individuelle neuve (2025) situ\u00e9e dans le quartier r\u00e9sidentiel exclusif de L&rsquo;Aldosa, \u00e0 La Massana. Avec 530 m\u00b2 habitables r\u00e9partis sur quatre niveaux reli\u00e9s par ascenseur et escalier, cette villa incarne le summum du luxe et du confort en Andorre. Espaces de vie spacieux et lumineux Le rez-de-chauss\u00e9e offre un espace de vie ouvert, &#8230;<\/p>\n","protected":false},"featured_media":202245,"comment_status":"closed","ping_status":"closed","template":"","property_category":[97],"property_action_category":[752],"property_city":[1811],"property_area":[45],"property_county_state":[58],"property_features":[1333,1330,1337,1340,1569,1332,1343,1381],"property_status":[],"class_list":["post-202243","estate_property","type-estate_property","status-publish","has-post-thumbnail","hentry","property_category-chalet","property_action_category-venta","property_city-ladosa-de-la-massana","property_area-la-massana","property_county_state-andorra","property_features-armoires-encastrees","property_features-climatisation","property_features-cuisine-equipee","property_features-exterieur-fr","property_features-jardin-fr","property_features-lumineux-fr","property_features-maison-de-ville","property_features-terrasse"],"_links":{"self":[{"href":"https:\/\/twoexpertsrealties.com\/fr\/wp-json\/wp\/v2\/estate_property\/202243","targetHints":{"allow":["GET"]}}],"collection":[{"href":"https:\/\/twoexpertsrealties.com\/fr\/wp-json\/wp\/v2\/estate_property"}],"about":[{"href":"https:\/\/twoexpertsrealties.com\/fr\/wp-json\/wp\/v2\/types\/estate_property"}],"replies":[{"embeddable":true,"href":"https:\/\/twoexpertsrealties.com\/fr\/wp-json\/wp\/v2\/comments?post=202243"}],"wp:featuredmedia":[{"embeddable":true,"href":"https:\/\/twoexpertsrealties.com\/fr\/wp-json\/wp\/v2\/media\/202245"}],"wp:attachment":[{"href":"https:\/\/twoexpertsrealties.com\/fr\/wp-json\/wp\/v2\/media?parent=202243"}],"wp:term":[{"taxonomy":"property_category","embeddable":true,"href":"https:\/\/twoexpertsrealties.com\/fr\/wp-json\/wp\/v2\/property_category?post=202243"},{"taxonomy":"property_action_category","embeddable":true,"href":"https:\/\/twoexpertsrealties.com\/fr\/wp-json\/wp\/v2\/property_action_category?post=202243"},{"taxonomy":"property_city","embeddable":true,"href":"https:\/\/twoexpertsrealties.com\/fr\/wp-json\/wp\/v2\/property_city?post=202243"},{"taxonomy":"property_area","embeddable":true,"href":"https:\/\/twoexpertsrealties.com\/fr\/wp-json\/wp\/v2\/property_area?post=202243"},{"taxonomy":"property_county_state","embeddable":true,"href":"https:\/\/twoexpertsrealties.com\/fr\/wp-json\/wp\/v2\/property_county_state?post=202243"},{"taxonomy":"property_features","embeddable":true,"href":"https:\/\/twoexpertsrealties.com\/fr\/wp-json\/wp\/v2\/property_features?post=202243"},{"taxonomy":"property_status","embeddable":true,"href":"https:\/\/twoexpertsrealties.com\/fr\/wp-json\/wp\/v2\/property_status?post=202243"}],"curies":[{"name":"wp","href":"https:\/\/api.w.org\/{rel}","templated":true}]}}